{"id":1317,"date":"2024-06-24T13:11:57","date_gmt":"2024-06-24T11:11:57","guid":{"rendered":"https:\/\/visualeurope.com\/?page_id=1317"},"modified":"2024-08-13T11:12:35","modified_gmt":"2024-08-13T09:12:35","slug":"termek","status":"publish","type":"page","link":"https:\/\/visualeurope.com\/hu\/termek\/","title":{"rendered":"Term\u00e9k"},"content":{"rendered":"\t\t<div data-elementor-type=\"wp-page\" data-elementor-id=\"1317\" class=\"elementor elementor-1317\" data-elementor-post-type=\"page\">\n\t\t\t\t<div class=\"elementor-element elementor-element-5615b8a e-con-full e-flex e-con e-parent\" data-id=\"5615b8a\" data-element_type=\"container\" data-settings=\"{&quot;background_background&quot;:&quot;video&quot;,&quot;background_video_link&quot;:&quot;https:\\\/\\\/visualeurope.com\\\/wp-content\\\/uploads\\\/2024\\\/06\\\/3ca4-4b2b-9702-f1afba3dd3db.mp4&quot;,&quot;background_play_on_mobile&quot;:&quot;yes&quot;}\">\n\t\t<div class=\"elementor-background-video-container\">\n\t\t\t\t\t\t\t<video class=\"elementor-background-video-hosted elementor-html5-video\" autoplay muted playsinline loop><\/video>\n\t\t\t\t\t<\/div>\t\t<div class=\"elementor-element elementor-element-c9aaffe elementor-widget elementor-widget-heading\" data-id=\"c9aaffe\" data-element_type=\"widget\" data-widget_type=\"heading.default\">\n\t\t\t\t<div class=\"elementor-widget-container\">\n\t\t\t<h2 class=\"elementor-heading-title elementor-size-default\">Term\u00e9k<br>\nneve<\/h2>\t\t<\/div>\n\t\t\t\t<\/div>\n\t\t\t\t<div class=\"elementor-element elementor-element-656da3f elementor-widget__width-initial elementor-widget-mobile__width-initial elementor-widget elementor-widget-heading\" data-id=\"656da3f\" data-element_type=\"widget\" data-widget_type=\"heading.default\">\n\t\t\t\t<div class=\"elementor-widget-container\">\n\t\t\t<h2 class=\"elementor-heading-title elementor-size-default\">\u00daj, k\u00fcl\u00f6nleges eszk\u00f6z, vagy kiemelt \u00faj \nrendezv\u00e9nytechnikai lehet\u0151s\u00e9g<\/h2>\t\t<\/div>\n\t\t\t\t<\/div>\n\t\t\t\t<\/div>\n\t\t<div class=\"elementor-element elementor-element-113ee30 e-con-full e-flex e-con e-parent\" data-id=\"113ee30\" data-element_type=\"container\" data-settings=\"{&quot;background_background&quot;:&quot;classic&quot;}\">\n\t\t<div class=\"elementor-element elementor-element-a6a0687 e-con-full e-flex e-con e-child\" data-id=\"a6a0687\" data-element_type=\"container\" data-settings=\"{&quot;background_background&quot;:&quot;classic&quot;}\">\n\t\t\t\t<div class=\"elementor-element elementor-element-f4d9869 elementor-widget elementor-widget-heading\" data-id=\"f4d9869\" data-element_type=\"widget\" data-widget_type=\"heading.default\">\n\t\t\t\t<div class=\"elementor-widget-container\">\n\t\t\t<h2 class=\"elementor-heading-title elementor-size-default\">Alc\u00edm egy r\u00e9szhez<\/h2>\t\t<\/div>\n\t\t\t\t<\/div>\n\t\t<div class=\"elementor-element elementor-element-054ed4e e-con-full e-flex e-con e-child\" data-id=\"054ed4e\" data-element_type=\"container\">\n\t\t<div class=\"elementor-element elementor-element-49405c1 e-con-full e-flex e-con e-child\" data-id=\"49405c1\" data-element_type=\"container\">\n\t\t\t\t<div class=\"elementor-element elementor-element-7e04e29 elementor-widget elementor-widget-text-editor\" data-id=\"7e04e29\" data-element_type=\"widget\" data-widget_type=\"text-editor.default\">\n\t\t\t\t<div class=\"elementor-widget-container\">\n\t\t\t\t\t\t\t<p>T\u00f6bb mint 15 \u00e9ves tapasztalattal rendelkez\u00fcnk fix rendezv\u00e9nyhelysz\u00ednek \u00fczemeltet\u00e9s\u00e9ben, illetve egyedi rendezv\u00e9nyek tervez\u00e9s\u00e9ben \u00e9s lebonyol\u00edt\u00e1s\u00e1ban. \u00dcgyfeleink sz\u00e1m\u00edthatnak r\u00e1nk AV technikai rendszerek tervez\u00e9s\u00e9ben, kivitelez\u00e9s\u00e9ben, karbantart\u00e1s\u00e1ban \u00e9s \u00fczemeltet\u00e9s\u00e9ben is. Folyamatos fejl\u0151d\u00e9sre \u00e9s meg\u00fajul\u00e1sra t\u00f6reksz\u00fcnk, tal\u00e1n ennek is k\u00f6sz\u00f6nhet\u0151, hogy m\u00e1ra a rendezv\u00e9nytechnikai piac egyik legnagyobb szerepl\u0151j\u00e9v\u00e9 v\u00e1ltunk, nem csak Magyarorsz\u00e1gon, hanem K\u00f6z\u00e9p-Kelet-Eur\u00f3p\u00e1ban is.<br \/><br \/>El\u0151nyt jelent, hogy jelent\u0151s vizu\u00e1ltechnikai h\u00e1tt\u00e9r \u00e1ll rendelkez\u00e9sre, hisz\u00fcnk a hibrid dr\u00f3nshow erej\u00e9ben, mint a mappingelt vet\u00edt\u00e9ssel kevert dr\u00f3nshow, \u00e9s folyamatosan keress\u00fck a k\u00fcl\u00f6nleges, egyedi adotts\u00e1gokkal rendelkez\u0151 helysz\u00edneket is.<\/p>\t\t\t\t\t\t<\/div>\n\t\t\t\t<\/div>\n\t\t\t\t<\/div>\n\t\t<div class=\"elementor-element elementor-element-9e8b54d e-con-full e-flex e-con e-child\" data-id=\"9e8b54d\" data-element_type=\"container\">\n\t\t\t\t<div class=\"elementor-element elementor-element-966844f elementor-widget elementor-widget-text-editor\" data-id=\"966844f\" data-element_type=\"widget\" data-widget_type=\"text-editor.default\">\n\t\t\t\t<div class=\"elementor-widget-container\">\n\t\t\t\t\t\t\t<p>T\u00f6bb mint 15 \u00e9ves tapasztalattal rendelkez\u00fcnk fix rendezv\u00e9nyhelysz\u00ednek \u00fczemeltet\u00e9s\u00e9ben, illetve egyedi rendezv\u00e9nyek tervez\u00e9s\u00e9ben \u00e9s lebonyol\u00edt\u00e1s\u00e1ban. \u00dcgyfeleink sz\u00e1m\u00edthatnak r\u00e1nk AV technikai rendszerek tervez\u00e9s\u00e9ben, kivitelez\u00e9s\u00e9ben, karbantart\u00e1s\u00e1ban \u00e9s \u00fczemeltet\u00e9s\u00e9ben is. Folyamatos fejl\u0151d\u00e9sre \u00e9s meg\u00fajul\u00e1sra t\u00f6reksz\u00fcnk, tal\u00e1n ennek is k\u00f6sz\u00f6nhet\u0151, hogy m\u00e1ra a rendezv\u00e9nytechnikai piac egyik legnagyobb szerepl\u0151j\u00e9v\u00e9 v\u00e1ltunk, nem csak Magyarorsz\u00e1gon, hanem K\u00f6z\u00e9p-Kelet-Eur\u00f3p\u00e1ban is.<br \/><br \/>El\u0151nyt jelent, hogy jelent\u0151s vizu\u00e1ltechnikai h\u00e1tt\u00e9r \u00e1ll rendelkez\u00e9sre, hisz\u00fcnk a hibrid dr\u00f3nshow erej\u00e9ben, mint a mappingelt vet\u00edt\u00e9ssel kevert dr\u00f3nshow, \u00e9s folyamatosan keress\u00fck a k\u00fcl\u00f6nleges, egyedi adotts\u00e1gokkal rendelkez\u0151 helysz\u00edneket is.<\/p>\t\t\t\t\t\t<\/div>\n\t\t\t\t<\/div>\n\t\t\t\t<\/div>\n\t\t\t\t<\/div>\n\t\t\t\t<div class=\"elementor-element elementor-element-de732cc elementor-widget elementor-widget-gallery\" data-id=\"de732cc\" data-element_type=\"widget\" data-settings=\"{&quot;columns&quot;:3,&quot;lazyload&quot;:&quot;yes&quot;,&quot;gallery_layout&quot;:&quot;grid&quot;,&quot;columns_tablet&quot;:2,&quot;columns_mobile&quot;:1,&quot;gap&quot;:{&quot;unit&quot;:&quot;px&quot;,&quot;size&quot;:10,&quot;sizes&quot;:[]},&quot;gap_tablet&quot;:{&quot;unit&quot;:&quot;px&quot;,&quot;size&quot;:10,&quot;sizes&quot;:[]},&quot;gap_mobile&quot;:{&quot;unit&quot;:&quot;px&quot;,&quot;size&quot;:10,&quot;sizes&quot;:[]},&quot;link_to&quot;:&quot;file&quot;,&quot;aspect_ratio&quot;:&quot;3:2&quot;,&quot;overlay_background&quot;:&quot;yes&quot;,&quot;content_hover_animation&quot;:&quot;fade-in&quot;}\" data-widget_type=\"gallery.default\">\n\t\t\t\t<div class=\"elementor-widget-container\">\n\t\t\t\t\t<div class=\"elementor-gallery__container\">\n\t\t\t\t\t\t\t<a class=\"e-gallery-item elementor-gallery-item elementor-animated-content\" href=\"https:\/\/visualeurope.com\/wp-content\/uploads\/2024\/06\/74bdc1813a5270c5784e0b78bad71c03.jpg\" data-elementor-open-lightbox=\"yes\" data-elementor-lightbox-slideshow=\"de732cc\" data-e-action-hash=\"#elementor-action%3Aaction%3Dlightbox%26settings%3DeyJpZCI6MTMyOCwidXJsIjoiaHR0cHM6XC9cL3Zpc3VhbGV1cm9wZS5jb21cL3dwLWNvbnRlbnRcL3VwbG9hZHNcLzIwMjRcLzA2XC83NGJkYzE4MTNhNTI3MGM1Nzg0ZTBiNzhiYWQ3MWMwMy5qcGciLCJzbGlkZXNob3ciOiJkZTczMmNjIn0%3D\">\n\t\t\t\t\t<div class=\"e-gallery-image elementor-gallery-item__image\" data-thumbnail=\"https:\/\/visualeurope.com\/wp-content\/uploads\/2024\/06\/74bdc1813a5270c5784e0b78bad71c03-1024x683.jpg\" data-width=\"800\" data-height=\"534\" aria-label=\"\" role=\"img\" ><\/div>\n\t\t\t\t\t\t\t\t\t\t\t<div class=\"elementor-gallery-item__overlay\"><\/div>\n\t\t\t\t\t\t\t\t\t\t\t\t\t\t<\/a>\n\t\t\t\t\t\t\t<a class=\"e-gallery-item elementor-gallery-item elementor-animated-content\" href=\"https:\/\/visualeurope.com\/wp-content\/uploads\/2024\/06\/f16a91e8c1bcb10c17a35b9266803bda.jpg\" data-elementor-open-lightbox=\"yes\" data-elementor-lightbox-slideshow=\"de732cc\" data-e-action-hash=\"#elementor-action%3Aaction%3Dlightbox%26settings%3DeyJpZCI6MTIxOSwidXJsIjoiaHR0cHM6XC9cL3Zpc3VhbGV1cm9wZS5jb21cL3dwLWNvbnRlbnRcL3VwbG9hZHNcLzIwMjRcLzA2XC9mMTZhOTFlOGMxYmNiMTBjMTdhMzViOTI2NjgwM2JkYS5qcGciLCJzbGlkZXNob3ciOiJkZTczMmNjIn0%3D\">\n\t\t\t\t\t<div class=\"e-gallery-image elementor-gallery-item__image\" data-thumbnail=\"https:\/\/visualeurope.com\/wp-content\/uploads\/2024\/06\/f16a91e8c1bcb10c17a35b9266803bda.jpg\" data-width=\"800\" data-height=\"450\" aria-label=\"\" role=\"img\" ><\/div>\n\t\t\t\t\t\t\t\t\t\t\t<div class=\"elementor-gallery-item__overlay\"><\/div>\n\t\t\t\t\t\t\t\t\t\t\t\t\t\t<\/a>\n\t\t\t\t\t\t\t<a class=\"e-gallery-item elementor-gallery-item elementor-animated-content\" href=\"https:\/\/visualeurope.com\/wp-content\/uploads\/2024\/06\/937cde76d18535ee5a0906d91905cbcd.jpg\" data-elementor-open-lightbox=\"yes\" data-elementor-lightbox-slideshow=\"de732cc\" data-e-action-hash=\"#elementor-action%3Aaction%3Dlightbox%26settings%3DeyJpZCI6NjQ1LCJ1cmwiOiJodHRwczpcL1wvdmlzdWFsZXVyb3BlLmNvbVwvd3AtY29udGVudFwvdXBsb2Fkc1wvMjAyNFwvMDZcLzkzN2NkZTc2ZDE4NTM1ZWU1YTA5MDZkOTE5MDVjYmNkLmpwZyIsInNsaWRlc2hvdyI6ImRlNzMyY2MifQ%3D%3D\">\n\t\t\t\t\t<div class=\"e-gallery-image elementor-gallery-item__image\" data-thumbnail=\"https:\/\/visualeurope.com\/wp-content\/uploads\/2024\/06\/937cde76d18535ee5a0906d91905cbcd-1024x495.jpg\" data-width=\"800\" data-height=\"387\" aria-label=\"\" role=\"img\" ><\/div>\n\t\t\t\t\t\t\t\t\t\t\t<div class=\"elementor-gallery-item__overlay\"><\/div>\n\t\t\t\t\t\t\t\t\t\t\t\t\t\t<\/a>\n\t\t\t\t\t<\/div>\n\t\t\t<\/div>\n\t\t\t\t<\/div>\n\t\t\t\t<div class=\"elementor-element elementor-element-e0e7b45 elementor-widget elementor-widget-heading\" data-id=\"e0e7b45\" data-element_type=\"widget\" data-widget_type=\"heading.default\">\n\t\t\t\t<div class=\"elementor-widget-container\">\n\t\t\t<h2 class=\"elementor-heading-title elementor-size-default\">Alc\u00edm egy r\u00e9szhez<\/h2>\t\t<\/div>\n\t\t\t\t<\/div>\n\t\t<div class=\"elementor-element elementor-element-f94f0c7 e-con-full e-flex e-con e-child\" data-id=\"f94f0c7\" data-element_type=\"container\">\n\t\t<div class=\"elementor-element elementor-element-0afba69 e-con-full e-flex e-con e-child\" data-id=\"0afba69\" data-element_type=\"container\">\n\t\t\t\t<div class=\"elementor-element elementor-element-4b2f897 elementor-widget elementor-widget-text-editor\" data-id=\"4b2f897\" data-element_type=\"widget\" data-widget_type=\"text-editor.default\">\n\t\t\t\t<div class=\"elementor-widget-container\">\n\t\t\t\t\t\t\t<p>T\u00f6bb mint 15 \u00e9ves tapasztalattal rendelkez\u00fcnk fix rendezv\u00e9nyhelysz\u00ednek \u00fczemeltet\u00e9s\u00e9ben, illetve egyedi rendezv\u00e9nyek tervez\u00e9s\u00e9ben \u00e9s lebonyol\u00edt\u00e1s\u00e1ban. \u00dcgyfeleink sz\u00e1m\u00edthatnak r\u00e1nk AV technikai rendszerek tervez\u00e9s\u00e9ben, kivitelez\u00e9s\u00e9ben, karbantart\u00e1s\u00e1ban \u00e9s \u00fczemeltet\u00e9s\u00e9ben is. Folyamatos fejl\u0151d\u00e9sre \u00e9s meg\u00fajul\u00e1sra t\u00f6reksz\u00fcnk, tal\u00e1n ennek is k\u00f6sz\u00f6nhet\u0151, hogy m\u00e1ra a rendezv\u00e9nytechnikai piac egyik legnagyobb szerepl\u0151j\u00e9v\u00e9 v\u00e1ltunk, nem csak Magyarorsz\u00e1gon, hanem K\u00f6z\u00e9p-Kelet-Eur\u00f3p\u00e1ban is.<br \/><br \/>El\u0151nyt jelent, hogy jelent\u0151s vizu\u00e1ltechnikai h\u00e1tt\u00e9r \u00e1ll rendelkez\u00e9sre, hisz\u00fcnk a hibrid dr\u00f3nshow erej\u00e9ben, mint a mappingelt vet\u00edt\u00e9ssel kevert dr\u00f3nshow, \u00e9s folyamatosan keress\u00fck a k\u00fcl\u00f6nleges, egyedi adotts\u00e1gokkal rendelkez\u0151 helysz\u00edneket is.<\/p>\t\t\t\t\t\t<\/div>\n\t\t\t\t<\/div>\n\t\t\t\t<\/div>\n\t\t<div class=\"elementor-element elementor-element-971b768 e-con-full e-flex e-con e-child\" data-id=\"971b768\" data-element_type=\"container\">\n\t\t\t\t<div class=\"elementor-element elementor-element-e94ddf6 elementor-widget elementor-widget-text-editor\" data-id=\"e94ddf6\" data-element_type=\"widget\" data-widget_type=\"text-editor.default\">\n\t\t\t\t<div class=\"elementor-widget-container\">\n\t\t\t\t\t\t\t<p>T\u00f6bb mint 15 \u00e9ves tapasztalattal rendelkez\u00fcnk fix rendezv\u00e9nyhelysz\u00ednek \u00fczemeltet\u00e9s\u00e9ben, illetve egyedi rendezv\u00e9nyek tervez\u00e9s\u00e9ben \u00e9s lebonyol\u00edt\u00e1s\u00e1ban. \u00dcgyfeleink sz\u00e1m\u00edthatnak r\u00e1nk AV technikai rendszerek tervez\u00e9s\u00e9ben, kivitelez\u00e9s\u00e9ben, karbantart\u00e1s\u00e1ban \u00e9s \u00fczemeltet\u00e9s\u00e9ben is. Folyamatos fejl\u0151d\u00e9sre \u00e9s meg\u00fajul\u00e1sra t\u00f6reksz\u00fcnk, tal\u00e1n ennek is k\u00f6sz\u00f6nhet\u0151, hogy m\u00e1ra a rendezv\u00e9nytechnikai piac egyik legnagyobb szerepl\u0151j\u00e9v\u00e9 v\u00e1ltunk, nem csak Magyarorsz\u00e1gon, hanem K\u00f6z\u00e9p-Kelet-Eur\u00f3p\u00e1ban is.<br \/><br \/>El\u0151nyt jelent, hogy jelent\u0151s vizu\u00e1ltechnikai h\u00e1tt\u00e9r \u00e1ll rendelkez\u00e9sre, hisz\u00fcnk a hibrid dr\u00f3nshow erej\u00e9ben, mint a mappingelt vet\u00edt\u00e9ssel kevert dr\u00f3nshow, \u00e9s folyamatosan keress\u00fck a k\u00fcl\u00f6nleges, egyedi adotts\u00e1gokkal rendelkez\u0151 helysz\u00edneket is.<\/p>\t\t\t\t\t\t<\/div>\n\t\t\t\t<\/div>\n\t\t\t\t<\/div>\n\t\t\t\t<\/div>\n\t\t\t\t<div class=\"elementor-element elementor-element-6309546 elementor-widget elementor-widget-heading\" data-id=\"6309546\" data-element_type=\"widget\" data-widget_type=\"heading.default\">\n\t\t\t\t<div class=\"elementor-widget-container\">\n\t\t\t<h2 class=\"elementor-heading-title elementor-size-default\">Alc\u00edm egy r\u00e9szhez<\/h2>\t\t<\/div>\n\t\t\t\t<\/div>\n\t\t<div class=\"elementor-element elementor-element-97a3169 e-con-full e-flex e-con e-child\" data-id=\"97a3169\" data-element_type=\"container\">\n\t\t<div class=\"elementor-element elementor-element-aea5da1 e-con-full e-flex e-con e-child\" data-id=\"aea5da1\" data-element_type=\"container\">\n\t\t\t\t<div class=\"elementor-element elementor-element-7909988 elementor-widget elementor-widget-text-editor\" data-id=\"7909988\" data-element_type=\"widget\" data-widget_type=\"text-editor.default\">\n\t\t\t\t<div class=\"elementor-widget-container\">\n\t\t\t\t\t\t\t<p>T\u00f6bb mint 15 \u00e9ves tapasztalattal rendelkez\u00fcnk fix rendezv\u00e9nyhelysz\u00ednek \u00fczemeltet\u00e9s\u00e9ben, illetve egyedi rendezv\u00e9nyek tervez\u00e9s\u00e9ben \u00e9s lebonyol\u00edt\u00e1s\u00e1ban. \u00dcgyfeleink sz\u00e1m\u00edthatnak r\u00e1nk AV technikai rendszerek tervez\u00e9s\u00e9ben, kivitelez\u00e9s\u00e9ben, karbantart\u00e1s\u00e1ban \u00e9s \u00fczemeltet\u00e9s\u00e9ben is. Folyamatos fejl\u0151d\u00e9sre \u00e9s meg\u00fajul\u00e1sra t\u00f6reksz\u00fcnk, tal\u00e1n ennek is k\u00f6sz\u00f6nhet\u0151, hogy m\u00e1ra a rendezv\u00e9nytechnikai piac egyik legnagyobb szerepl\u0151j\u00e9v\u00e9 v\u00e1ltunk, nem csak Magyarorsz\u00e1gon, hanem K\u00f6z\u00e9p-Kelet-Eur\u00f3p\u00e1ban is.<br \/><br \/>El\u0151nyt jelent, hogy jelent\u0151s vizu\u00e1ltechnikai h\u00e1tt\u00e9r \u00e1ll rendelkez\u00e9sre, hisz\u00fcnk a hibrid dr\u00f3nshow erej\u00e9ben, mint a mappingelt vet\u00edt\u00e9ssel kevert dr\u00f3nshow, \u00e9s folyamatosan keress\u00fck a k\u00fcl\u00f6nleges, egyedi adotts\u00e1gokkal rendelkez\u0151 helysz\u00edneket is.<\/p>\t\t\t\t\t\t<\/div>\n\t\t\t\t<\/div>\n\t\t\t\t<\/div>\n\t\t<div class=\"elementor-element elementor-element-1a3f3d9 e-con-full e-flex e-con e-child\" data-id=\"1a3f3d9\" data-element_type=\"container\">\n\t\t\t\t<div class=\"elementor-element elementor-element-11c40ee elementor-widget elementor-widget-text-editor\" data-id=\"11c40ee\" data-element_type=\"widget\" data-widget_type=\"text-editor.default\">\n\t\t\t\t<div class=\"elementor-widget-container\">\n\t\t\t\t\t\t\t<p>T\u00f6bb mint 15 \u00e9ves tapasztalattal rendelkez\u00fcnk fix rendezv\u00e9nyhelysz\u00ednek \u00fczemeltet\u00e9s\u00e9ben, illetve egyedi rendezv\u00e9nyek tervez\u00e9s\u00e9ben \u00e9s lebonyol\u00edt\u00e1s\u00e1ban. \u00dcgyfeleink sz\u00e1m\u00edthatnak r\u00e1nk AV technikai rendszerek tervez\u00e9s\u00e9ben, kivitelez\u00e9s\u00e9ben, karbantart\u00e1s\u00e1ban \u00e9s \u00fczemeltet\u00e9s\u00e9ben is. Folyamatos fejl\u0151d\u00e9sre \u00e9s meg\u00fajul\u00e1sra t\u00f6reksz\u00fcnk, tal\u00e1n ennek is k\u00f6sz\u00f6nhet\u0151, hogy m\u00e1ra a rendezv\u00e9nytechnikai piac egyik legnagyobb szerepl\u0151j\u00e9v\u00e9 v\u00e1ltunk, nem csak Magyarorsz\u00e1gon, hanem K\u00f6z\u00e9p-Kelet-Eur\u00f3p\u00e1ban is.<br \/><br \/>El\u0151nyt jelent, hogy jelent\u0151s vizu\u00e1ltechnikai h\u00e1tt\u00e9r \u00e1ll rendelkez\u00e9sre, hisz\u00fcnk a hibrid dr\u00f3nshow erej\u00e9ben, mint a mappingelt vet\u00edt\u00e9ssel kevert dr\u00f3nshow, \u00e9s folyamatosan keress\u00fck a k\u00fcl\u00f6nleges, egyedi adotts\u00e1gokkal rendelkez\u0151 helysz\u00edneket is.<\/p>\t\t\t\t\t\t<\/div>\n\t\t\t\t<\/div>\n\t\t\t\t<\/div>\n\t\t\t\t<\/div>\n\t\t\t\t<\/div>\n\t\t\t\t<div class=\"elementor-element elementor-element-09557b7 elementor-widget__width-auto elementor-absolute elementor-widget elementor-widget-image\" data-id=\"09557b7\" data-element_type=\"widget\" data-settings=\"{&quot;_position&quot;:&quot;absolute&quot;}\" data-widget_type=\"image.default\">\n\t\t\t\t<div class=\"elementor-widget-container\">\n\t\t\t\t\t\t\t\t\t\t\t\t\t<img decoding=\"async\" width=\"201\" height=\"173\" src=\"https:\/\/visualeurope.com\/wp-content\/uploads\/2024\/06\/Layer_1-4.png\" class=\"attachment-large size-large wp-image-1296\" alt=\"\" \/>\t\t\t\t\t\t\t\t\t\t\t\t\t<\/div>\n\t\t\t\t<\/div>\n\t\t\t\t<div class=\"elementor-element elementor-element-6ef1089 elementor-absolute elementor-widget elementor-widget-image\" data-id=\"6ef1089\" data-element_type=\"widget\" data-settings=\"{&quot;_position&quot;:&quot;absolute&quot;}\" data-widget_type=\"image.default\">\n\t\t\t\t<div class=\"elementor-widget-container\">\n\t\t\t\t\t\t\t\t\t\t\t\t\t<img fetchpriority=\"high\" decoding=\"async\" width=\"481\" height=\"129\" src=\"https:\/\/visualeurope.com\/wp-content\/uploads\/2024\/06\/Group-2.png\" class=\"attachment-full size-full wp-image-75\" alt=\"\" srcset=\"https:\/\/visualeurope.com\/wp-content\/uploads\/2024\/06\/Group-2.png 481w, https:\/\/visualeurope.com\/wp-content\/uploads\/2024\/06\/Group-2-300x80.png 300w\" sizes=\"(max-width: 481px) 100vw, 481px\" \/>\t\t\t\t\t\t\t\t\t\t\t\t\t<\/div>\n\t\t\t\t<\/div>\n\t\t\t\t<\/div>\n\t\t\t\t<\/div>\n\t\t","protected":false},"excerpt":{"rendered":"<p>Term\u00e9k neve \u00daj, k\u00fcl\u00f6nleges eszk\u00f6z, vagy kiemelt \u00faj rendezv\u00e9nytechnikai lehet\u0151s\u00e9g Alc\u00edm egy r\u00e9szhez T\u00f6bb mint 15 \u00e9ves tapasztalattal rendelkez\u00fcnk fix rendezv\u00e9nyhelysz\u00ednek \u00fczemeltet\u00e9s\u00e9ben, illetve egyedi rendezv\u00e9nyek tervez\u00e9s\u00e9ben \u00e9s lebonyol\u00edt\u00e1s\u00e1ban. \u00dcgyfeleink sz\u00e1m\u00edthatnak r\u00e1nk AV technikai rendszerek tervez\u00e9s\u00e9ben, kivitelez\u00e9s\u00e9ben, karbantart\u00e1s\u00e1ban \u00e9s \u00fczemeltet\u00e9s\u00e9ben is. Folyamatos fejl\u0151d\u00e9sre \u00e9s meg\u00fajul\u00e1sra t\u00f6reksz\u00fcnk, tal\u00e1n ennek is k\u00f6sz\u00f6nhet\u0151, hogy m\u00e1ra a rendezv\u00e9nytechnikai piac egyik [&hellip;]<\/p>\n","protected":false},"author":1,"featured_media":0,"parent":0,"menu_order":0,"comment_status":"closed","ping_status":"closed","template":"elementor_header_footer","meta":{"footnotes":""},"rendszerintegracio-teruletek":[],"rendezveny-teruletek":[],"rendszerintegracio-szolgaltataso":[],"rendezveny-szolgaltatasok":[],"class_list":["post-1317","page","type-page","status-publish","hentry"],"_links":{"self":[{"href":"https:\/\/visualeurope.com\/hu\/wp-json\/wp\/v2\/pages\/1317","targetHints":{"allow":["GET"]}}],"collection":[{"href":"https:\/\/visualeurope.com\/hu\/wp-json\/wp\/v2\/pages"}],"about":[{"href":"https:\/\/visualeurope.com\/hu\/wp-json\/wp\/v2\/types\/page"}],"author":[{"embeddable":true,"href":"https:\/\/visualeurope.com\/hu\/wp-json\/wp\/v2\/users\/1"}],"replies":[{"embeddable":true,"href":"https:\/\/visualeurope.com\/hu\/wp-json\/wp\/v2\/comments?post=1317"}],"version-history":[{"count":0,"href":"https:\/\/visualeurope.com\/hu\/wp-json\/wp\/v2\/pages\/1317\/revisions"}],"wp:attachment":[{"href":"https:\/\/visualeurope.com\/hu\/wp-json\/wp\/v2\/media?parent=1317"}],"wp:term":[{"taxonomy":"rendszerintegracio-teruletek","embeddable":true,"href":"https:\/\/visualeurope.com\/hu\/wp-json\/wp\/v2\/rendszerintegracio-teruletek?post=1317"},{"taxonomy":"rendezveny-teruletek","embeddable":true,"href":"https:\/\/visualeurope.com\/hu\/wp-json\/wp\/v2\/rendezveny-teruletek?post=1317"},{"taxonomy":"rendszerintegracio-szolgaltataso","embeddable":true,"href":"https:\/\/visualeurope.com\/hu\/wp-json\/wp\/v2\/rendszerintegracio-szolgaltataso?post=1317"},{"taxonomy":"rendezveny-szolgaltatasok","embeddable":true,"href":"https:\/\/visualeurope.com\/hu\/wp-json\/wp\/v2\/rendezveny-szolgaltatasok?post=1317"}],"curies":[{"name":"wp","href":"https:\/\/api.w.org\/{rel}","templated":true}]}}