{"id":7360,"date":"2024-08-12T09:24:50","date_gmt":"2024-08-12T07:24:50","guid":{"rendered":"https:\/\/visualeurope.com\/astera-tabortuz-5\/"},"modified":"2024-10-25T11:27:09","modified_gmt":"2024-10-25T09:27:09","slug":"astera-tabortuz-5","status":"publish","type":"page","link":"https:\/\/visualeurope.com\/hu\/astera-tabortuz-5\/","title":{"rendered":"Virtu\u00e1lis lift install\u00e1ci\u00f3"},"content":{"rendered":"\t\t<div data-elementor-type=\"wp-page\" data-elementor-id=\"7360\" class=\"elementor elementor-7360\" data-elementor-post-type=\"page\">\n\t\t\t\t<div class=\"elementor-element elementor-element-5615b8a e-con-full e-flex e-con e-parent\" data-id=\"5615b8a\" data-element_type=\"container\" data-settings=\"{&quot;background_background&quot;:&quot;classic&quot;}\">\n\t\t\t\t<div class=\"elementor-element elementor-element-c9aaffe elementor-widget elementor-widget-heading\" data-id=\"c9aaffe\" data-element_type=\"widget\" data-widget_type=\"heading.default\">\n\t\t\t\t<div class=\"elementor-widget-container\">\n\t\t\t<h2 class=\"elementor-heading-title elementor-size-default\">Virtu\u00e1lis lift install\u00e1ci\u00f3<\/h2>\t\t<\/div>\n\t\t\t\t<\/div>\n\t\t\t\t<\/div>\n\t\t<div class=\"elementor-element elementor-element-113ee30 e-con-full e-flex e-con e-parent\" data-id=\"113ee30\" data-element_type=\"container\" data-settings=\"{&quot;background_background&quot;:&quot;classic&quot;}\">\n\t\t<div class=\"elementor-element elementor-element-a6a0687 e-con-full e-flex e-con e-child\" data-id=\"a6a0687\" data-element_type=\"container\" data-settings=\"{&quot;background_background&quot;:&quot;classic&quot;}\">\n\t\t\t\t<div class=\"elementor-element elementor-element-f4d9869 elementor-widget elementor-widget-heading\" data-id=\"f4d9869\" data-element_type=\"widget\" data-widget_type=\"heading.default\">\n\t\t\t\t<div class=\"elementor-widget-container\">\n\t\t\t<h2 class=\"elementor-heading-title elementor-size-default\">L\u00e9pj be 3x3 m\u00e9teres virtu\u00e1lis lift\u00fcnkbe, amely val\u00f3di liftajt\u00f3kkal \u00e9s testre szabhat\u00f3 LED falaival egyedi  tartalommal \u00e9s l\u00e1tv\u00e1nnyal alak\u00edthat\u00f3.<\/h2>\t\t<\/div>\n\t\t\t\t<\/div>\n\t\t\t\t<div class=\"elementor-element elementor-element-7e04e29 elementor-widget elementor-widget-text-editor\" data-id=\"7e04e29\" data-element_type=\"widget\" data-widget_type=\"text-editor.default\">\n\t\t\t\t<div class=\"elementor-widget-container\">\n\t\t\t\t\t\t\t<p>T\u00f6k\u00e9letes v\u00e1laszt\u00e1s b\u00e1rmely esem\u00e9nyen, amely teljesen egyedi, interakt\u00edv \u00e9lm\u00e9nyeket ny\u00fajt.<\/p><p>Bemutatjuk a legmodernebb virtu\u00e1lis lift install\u00e1ci\u00f3nkat, egy 3&#215;3 m\u00e9teres csod\u00e1t, melynek nem titkolt c\u00e9lja, hogy leny\u0171g\u00f6zze \u00e9s bevonja a l\u00e1togat\u00f3kat. Val\u00f3di liftajt\u00f3kkal van felszerelve, \u00e9s teljesen testre szabhat\u00f3, a LED falaira egyedi l\u00e1tv\u00e1ny k\u00e9sz\u00edthet\u0151.<\/p><p>T\u00f6k\u00e9letes ki\u00e1ll\u00edt\u00e1sokra, v\u00e1llalati esem\u00e9nyekre \u00e9s tematikus bulikra, a virtu\u00e1lis lift k\u00e9pes vend\u00e9geit k\u00fcl\u00f6nb\u00f6z\u0151 vil\u00e1gokba rep\u00edteni, m\u00e1rkatartalmat bemutatni vagy egy lebilincsel\u0151 t\u00f6rt\u00e9netet elmes\u00e9lni. Sokoldal\u00fas\u00e1ga \u00e9s interaktivit\u00e1sa kiemelked\u0151 attrakci\u00f3v\u00e1 teszi.<\/p>\t\t\t\t\t\t<\/div>\n\t\t\t\t<\/div>\n\t\t\t\t<\/div>\n\t\t\t\t<div class=\"elementor-element elementor-element-09557b7 elementor-widget__width-auto elementor-absolute elementor-widget elementor-widget-image\" data-id=\"09557b7\" data-element_type=\"widget\" data-settings=\"{&quot;_position&quot;:&quot;absolute&quot;}\" data-widget_type=\"image.default\">\n\t\t\t\t<div class=\"elementor-widget-container\">\n\t\t\t\t\t\t\t\t\t\t\t\t\t<img decoding=\"async\" width=\"201\" height=\"173\" src=\"https:\/\/visualeurope.com\/wp-content\/uploads\/2024\/06\/Layer_1-4.png\" class=\"attachment-large size-large wp-image-1296\" alt=\"\" \/>\t\t\t\t\t\t\t\t\t\t\t\t\t<\/div>\n\t\t\t\t<\/div>\n\t\t\t\t<div class=\"elementor-element elementor-element-353854d elementor-absolute elementor-widget elementor-widget-image\" data-id=\"353854d\" data-element_type=\"widget\" data-settings=\"{&quot;_position&quot;:&quot;absolute&quot;}\" data-widget_type=\"image.default\">\n\t\t\t\t<div class=\"elementor-widget-container\">\n\t\t\t\t\t\t\t\t\t\t\t\t\t<img fetchpriority=\"high\" decoding=\"async\" width=\"481\" height=\"129\" src=\"https:\/\/visualeurope.com\/wp-content\/uploads\/2024\/06\/Group-2.png\" class=\"attachment-full size-full wp-image-75\" alt=\"\" srcset=\"https:\/\/visualeurope.com\/wp-content\/uploads\/2024\/06\/Group-2.png 481w, https:\/\/visualeurope.com\/wp-content\/uploads\/2024\/06\/Group-2-300x80.png 300w\" sizes=\"(max-width: 481px) 100vw, 481px\" \/>\t\t\t\t\t\t\t\t\t\t\t\t\t<\/div>\n\t\t\t\t<\/div>\n\t\t\t\t<\/div>\n\t\t\t\t<\/div>\n\t\t","protected":false},"excerpt":{"rendered":"<p>Virtu\u00e1lis lift install\u00e1ci\u00f3 L\u00e9pj be 3&#215;3 m\u00e9teres virtu\u00e1lis lift\u00fcnkbe, amely val\u00f3di liftajt\u00f3kkal \u00e9s testre szabhat\u00f3 LED falaival egyedi tartalommal \u00e9s l\u00e1tv\u00e1nnyal alak\u00edthat\u00f3. T\u00f6k\u00e9letes v\u00e1laszt\u00e1s b\u00e1rmely esem\u00e9nyen, amely teljesen egyedi, interakt\u00edv \u00e9lm\u00e9nyeket ny\u00fajt. Bemutatjuk a legmodernebb virtu\u00e1lis lift install\u00e1ci\u00f3nkat, egy 3&#215;3 m\u00e9teres csod\u00e1t, melynek nem titkolt c\u00e9lja, hogy leny\u0171g\u00f6zze \u00e9s bevonja a l\u00e1togat\u00f3kat. Val\u00f3di liftajt\u00f3kkal van [&hellip;]<\/p>\n","protected":false},"author":3,"featured_media":0,"parent":0,"menu_order":0,"comment_status":"closed","ping_status":"closed","template":"elementor_header_footer","meta":{"footnotes":""},"rendszerintegracio-teruletek":[],"rendezveny-teruletek":[],"rendszerintegracio-szolgaltataso":[],"rendezveny-szolgaltatasok":[],"class_list":["post-7360","page","type-page","status-publish","hentry"],"_links":{"self":[{"href":"https:\/\/visualeurope.com\/hu\/wp-json\/wp\/v2\/pages\/7360","targetHints":{"allow":["GET"]}}],"collection":[{"href":"https:\/\/visualeurope.com\/hu\/wp-json\/wp\/v2\/pages"}],"about":[{"href":"https:\/\/visualeurope.com\/hu\/wp-json\/wp\/v2\/types\/page"}],"author":[{"embeddable":true,"href":"https:\/\/visualeurope.com\/hu\/wp-json\/wp\/v2\/users\/3"}],"replies":[{"embeddable":true,"href":"https:\/\/visualeurope.com\/hu\/wp-json\/wp\/v2\/comments?post=7360"}],"version-history":[{"count":3,"href":"https:\/\/visualeurope.com\/hu\/wp-json\/wp\/v2\/pages\/7360\/revisions"}],"predecessor-version":[{"id":9437,"href":"https:\/\/visualeurope.com\/hu\/wp-json\/wp\/v2\/pages\/7360\/revisions\/9437"}],"wp:attachment":[{"href":"https:\/\/visualeurope.com\/hu\/wp-json\/wp\/v2\/media?parent=7360"}],"wp:term":[{"taxonomy":"rendszerintegracio-teruletek","embeddable":true,"href":"https:\/\/visualeurope.com\/hu\/wp-json\/wp\/v2\/rendszerintegracio-teruletek?post=7360"},{"taxonomy":"rendezveny-teruletek","embeddable":true,"href":"https:\/\/visualeurope.com\/hu\/wp-json\/wp\/v2\/rendezveny-teruletek?post=7360"},{"taxonomy":"rendszerintegracio-szolgaltataso","embeddable":true,"href":"https:\/\/visualeurope.com\/hu\/wp-json\/wp\/v2\/rendszerintegracio-szolgaltataso?post=7360"},{"taxonomy":"rendezveny-szolgaltatasok","embeddable":true,"href":"https:\/\/visualeurope.com\/hu\/wp-json\/wp\/v2\/rendezveny-szolgaltatasok?post=7360"}],"curies":[{"name":"wp","href":"https:\/\/api.w.org\/{rel}","templated":true}]}}